{"id":260,"date":"2018-06-26T21:35:11","date_gmt":"2018-06-26T19:35:11","guid":{"rendered":"http:\/\/www.urzeitenweg.ch\/wp\/?page_id=260"},"modified":"2018-08-13T12:13:00","modified_gmt":"2018-08-13T10:13:00","slug":"fotos","status":"publish","type":"page","link":"https:\/\/www.urzeitenweg.ch\/wp\/fotos\/","title":{"rendered":"Fotos"},"content":{"rendered":"<p><a href=\"http:\/\/www.urzeitenweg.ch\/wp\/wp-content\/uploads\/2018\/06\/wasseramt-panorama-wasseraturm.jpg\"><img loading=\"lazy\" decoding=\"async\" class=\"alignnone size-large wp-image-33\" src=\"http:\/\/www.urzeitenweg.ch\/wp\/wp-content\/uploads\/2018\/06\/wasseramt-panorama-wasseraturm-1024x241.jpg\" alt=\"\" width=\"1024\" height=\"241\" srcset=\"https:\/\/www.urzeitenweg.ch\/wp\/wp-content\/uploads\/2018\/06\/wasseramt-panorama-wasseraturm-1024x241.jpg 1024w, https:\/\/www.urzeitenweg.ch\/wp\/wp-content\/uploads\/2018\/06\/wasseramt-panorama-wasseraturm-300x71.jpg 300w, https:\/\/www.urzeitenweg.ch\/wp\/wp-content\/uploads\/2018\/06\/wasseramt-panorama-wasseraturm-768x181.jpg 768w\" sizes=\"auto, (max-width: 1024px) 100vw, 1024px\" \/><\/a><\/p>\n<p>Unsere hier ver\u00f6ffentlichten Fotos sind mit Quelle und Link frei verwendbar &#8211; mehr <a href=\"https:\/\/www.solothurn-solothurn.ch\/kantonsolothurntourismus\/tourismus-kanton-solothurn-2\/wasseramt-2\/\" target=\"_blank\" rel=\"noopener\">Wasseramt Fotos<\/a> &#8211; mehr <a href=\"https:\/\/www.solothurn-solothurn.ch\" target=\"_blank\" rel=\"noopener\">Solothurn Fotos<\/a> &#8211; <a href=\"http:\/\/www.ch-info.ch\/fotos\/\" target=\"_blank\" rel=\"noopener\">Fotos Schweiz\u00a0<\/a>&#8211; wenn Sie Fotos verwenden m\u00fcssen Sie diese bezeichnen mit <a href=\"http:\/\/www.ch-info.ch\/fotos\/\" target=\"_blank\" rel=\"noopener\">cc by sa 3.0 ch-info.ch<\/a> im Web mit Link. Gratis Verwendung aber mit dieser Foto Bezeichnung lesbar!<\/p>\n<p><a href=\"http:\/\/www.urzeitenweg.ch\/wp\/wp-content\/uploads\/2018\/06\/eventlokal-mittelland-museum-wasseramt-e1529944024486.jpg\"><img loading=\"lazy\" decoding=\"async\" class=\"alignnone size-large wp-image-34\" src=\"http:\/\/www.urzeitenweg.ch\/wp\/wp-content\/uploads\/2018\/06\/eventlokal-mittelland-museum-wasseramt-e1529944024486-1024x361.jpg\" alt=\"\" width=\"1024\" height=\"361\" srcset=\"https:\/\/www.urzeitenweg.ch\/wp\/wp-content\/uploads\/2018\/06\/eventlokal-mittelland-museum-wasseramt-e1529944024486-1024x361.jpg 1024w, https:\/\/www.urzeitenweg.ch\/wp\/wp-content\/uploads\/2018\/06\/eventlokal-mittelland-museum-wasseramt-e1529944024486-300x106.jpg 300w, https:\/\/www.urzeitenweg.ch\/wp\/wp-content\/uploads\/2018\/06\/eventlokal-mittelland-museum-wasseramt-e1529944024486-768x271.jpg 768w\" sizes=\"auto, (max-width: 1024px) 100vw, 1024px\" \/><\/a><\/p>\n<p><a href=\"http:\/\/www.urzeitenweg.ch\/wp\/wp-content\/uploads\/2018\/06\/badesee-normal-1.jpg\"><img loading=\"lazy\" decoding=\"async\" class=\"alignnone size-large wp-image-117\" src=\"http:\/\/www.urzeitenweg.ch\/wp\/wp-content\/uploads\/2018\/06\/badesee-normal-1-1024x768.jpg\" alt=\"\" width=\"1024\" height=\"768\" srcset=\"https:\/\/www.urzeitenweg.ch\/wp\/wp-content\/uploads\/2018\/06\/badesee-normal-1-1024x768.jpg 1024w, https:\/\/www.urzeitenweg.ch\/wp\/wp-content\/uploads\/2018\/06\/badesee-normal-1-300x225.jpg 300w, https:\/\/www.urzeitenweg.ch\/wp\/wp-content\/uploads\/2018\/06\/badesee-normal-1-768x576.jpg 768w, https:\/\/www.urzeitenweg.ch\/wp\/wp-content\/uploads\/2018\/06\/badesee-normal-1-830x623.jpg 830w, https:\/\/www.urzeitenweg.ch\/wp\/wp-content\/uploads\/2018\/06\/badesee-normal-1-230x173.jpg 230w, https:\/\/www.urzeitenweg.ch\/wp\/wp-content\/uploads\/2018\/06\/badesee-normal-1-350x263.jpg 350w, https:\/\/www.urzeitenweg.ch\/wp\/wp-content\/uploads\/2018\/06\/badesee-normal-1-480x360.jpg 480w\" sizes=\"auto, (max-width: 1024px) 100vw, 1024px\" \/><\/a><\/p>\n<p><a href=\"http:\/\/www.urzeitenweg.ch\/wp\/wp-content\/uploads\/2018\/06\/velos-neuersteg.jpg\"><img loading=\"lazy\" decoding=\"async\" class=\"alignnone size-large wp-image-127\" src=\"http:\/\/www.urzeitenweg.ch\/wp\/wp-content\/uploads\/2018\/06\/velos-neuersteg-1024x738.jpg\" alt=\"\" width=\"1024\" height=\"738\" srcset=\"https:\/\/www.urzeitenweg.ch\/wp\/wp-content\/uploads\/2018\/06\/velos-neuersteg-1024x738.jpg 1024w, https:\/\/www.urzeitenweg.ch\/wp\/wp-content\/uploads\/2018\/06\/velos-neuersteg-300x216.jpg 300w, https:\/\/www.urzeitenweg.ch\/wp\/wp-content\/uploads\/2018\/06\/velos-neuersteg-768x554.jpg 768w, https:\/\/www.urzeitenweg.ch\/wp\/wp-content\/uploads\/2018\/06\/velos-neuersteg-830x599.jpg 830w, https:\/\/www.urzeitenweg.ch\/wp\/wp-content\/uploads\/2018\/06\/velos-neuersteg-230x166.jpg 230w, https:\/\/www.urzeitenweg.ch\/wp\/wp-content\/uploads\/2018\/06\/velos-neuersteg-350x252.jpg 350w, https:\/\/www.urzeitenweg.ch\/wp\/wp-content\/uploads\/2018\/06\/velos-neuersteg-480x346.jpg 480w\" sizes=\"auto, (max-width: 1024px) 100vw, 1024px\" \/><\/a><\/p>\n<p><a href=\"http:\/\/www.urzeitenweg.ch\/wp\/wp-content\/uploads\/2018\/06\/halten-musik-068.jpg\"><img loading=\"lazy\" decoding=\"async\" class=\"alignnone size-large wp-image-135\" src=\"http:\/\/www.urzeitenweg.ch\/wp\/wp-content\/uploads\/2018\/06\/halten-musik-068-1024x768.jpg\" alt=\"\" width=\"1024\" height=\"768\" srcset=\"https:\/\/www.urzeitenweg.ch\/wp\/wp-content\/uploads\/2018\/06\/halten-musik-068-1024x768.jpg 1024w, https:\/\/www.urzeitenweg.ch\/wp\/wp-content\/uploads\/2018\/06\/halten-musik-068-300x225.jpg 300w, https:\/\/www.urzeitenweg.ch\/wp\/wp-content\/uploads\/2018\/06\/halten-musik-068-768x576.jpg 768w, https:\/\/www.urzeitenweg.ch\/wp\/wp-content\/uploads\/2018\/06\/halten-musik-068-830x623.jpg 830w, https:\/\/www.urzeitenweg.ch\/wp\/wp-content\/uploads\/2018\/06\/halten-musik-068-230x173.jpg 230w, https:\/\/www.urzeitenweg.ch\/wp\/wp-content\/uploads\/2018\/06\/halten-musik-068-350x263.jpg 350w, https:\/\/www.urzeitenweg.ch\/wp\/wp-content\/uploads\/2018\/06\/halten-musik-068-480x360.jpg 480w\" sizes=\"auto, (max-width: 1024px) 100vw, 1024px\" \/><\/a><\/p>\n<p><a href=\"http:\/\/www.wasseramt.ch\/fotos\/\" target=\"_blank\" rel=\"noopener\">Mehr freie Fotos cc by sa 3.0 Wasseramt<\/a> &#8211; <a href=\"https:\/\/www.tourismus-mittelland.ch\/fotos-1\/fotos-kt-so\/\" target=\"_blank\" rel=\"noopener\">Fotos Kanton Solothurn<\/a> &#8211;<a href=\"http:\/\/ch-info.ch\/wp\/fotos-schweiz\/\" target=\"_blank\" rel=\"noopener\"> Fotos Schweiz<\/a><\/p>\n<p><a href=\"http:\/\/www.wasseramt.ch\/fotos\/\" target=\"_blank\" rel=\"noopener\"><img loading=\"lazy\" decoding=\"async\" class=\"alignnone wp-image-338\" title=\"fotos wasseramt\" src=\"http:\/\/www.urzeitenweg.ch\/wp\/wp-content\/uploads\/2018\/08\/fotos-landschaft-wasseramt-gelerie4x3.jpg\" alt=\"\" width=\"768\" height=\"1016\" srcset=\"https:\/\/www.urzeitenweg.ch\/wp\/wp-content\/uploads\/2018\/08\/fotos-landschaft-wasseramt-gelerie4x3.jpg 495w, https:\/\/www.urzeitenweg.ch\/wp\/wp-content\/uploads\/2018\/08\/fotos-landschaft-wasseramt-gelerie4x3-227x300.jpg 227w\" sizes=\"auto, (max-width: 768px) 100vw, 768px\" \/><\/a><\/p>\n<p><a href=\"https:\/\/www.pro-wasseramt.ch\/kontakt-buchen\/\" target=\"_blank\" rel=\"noopener\">Rundfahrten mit Minibus und Car sind auch m\u00f6glich, nat\u00fcrlich auch Partyservice und Anl\u00e4sse<\/a><\/p>\n<p><a href=\"http:\/\/www.urzeitenweg.ch\/wp\/wp-content\/uploads\/2018\/06\/bus-mieten.jpg\"><img loading=\"lazy\" decoding=\"async\" class=\"alignnone wp-image-79 size-full\" src=\"http:\/\/www.urzeitenweg.ch\/wp\/wp-content\/uploads\/2018\/06\/bus-mieten.jpg\" alt=\"\" width=\"899\" height=\"221\" srcset=\"https:\/\/www.urzeitenweg.ch\/wp\/wp-content\/uploads\/2018\/06\/bus-mieten.jpg 899w, https:\/\/www.urzeitenweg.ch\/wp\/wp-content\/uploads\/2018\/06\/bus-mieten-300x74.jpg 300w, https:\/\/www.urzeitenweg.ch\/wp\/wp-content\/uploads\/2018\/06\/bus-mieten-768x189.jpg 768w, https:\/\/www.urzeitenweg.ch\/wp\/wp-content\/uploads\/2018\/06\/bus-mieten-830x204.jpg 830w, https:\/\/www.urzeitenweg.ch\/wp\/wp-content\/uploads\/2018\/06\/bus-mieten-230x57.jpg 230w, https:\/\/www.urzeitenweg.ch\/wp\/wp-content\/uploads\/2018\/06\/bus-mieten-350x86.jpg 350w, https:\/\/www.urzeitenweg.ch\/wp\/wp-content\/uploads\/2018\/06\/bus-mieten-480x118.jpg 480w\" sizes=\"auto, (max-width: 899px) 100vw, 899px\" \/><\/a><\/p>\n<p>&nbsp;<\/p>\n","protected":false},"excerpt":{"rendered":"<p>Unsere hier ver\u00f6ffentlichten Fotos sind mit Quelle und Link frei verwendbar &#8211; mehr Wasseramt Fotos &#8211; mehr Solothurn Fotos &#8211; Fotos Schweiz\u00a0&#8211; wenn Sie Fotos<\/p>\n","protected":false},"author":1,"featured_media":0,"parent":0,"menu_order":0,"comment_status":"closed","ping_status":"closed","template":"","meta":{"footnotes":""},"class_list":["post-260","page","type-page","status-publish","hentry"],"_links":{"self":[{"href":"https:\/\/www.urzeitenweg.ch\/wp\/wp-json\/wp\/v2\/pages\/260","targetHints":{"allow":["GET"]}}],"collection":[{"href":"https:\/\/www.urzeitenweg.ch\/wp\/wp-json\/wp\/v2\/pages"}],"about":[{"href":"https:\/\/www.urzeitenweg.ch\/wp\/wp-json\/wp\/v2\/types\/page"}],"author":[{"embeddable":true,"href":"https:\/\/www.urzeitenweg.ch\/wp\/wp-json\/wp\/v2\/users\/1"}],"replies":[{"embeddable":true,"href":"https:\/\/www.urzeitenweg.ch\/wp\/wp-json\/wp\/v2\/comments?post=260"}],"version-history":[{"count":9,"href":"https:\/\/www.urzeitenweg.ch\/wp\/wp-json\/wp\/v2\/pages\/260\/revisions"}],"predecessor-version":[{"id":340,"href":"https:\/\/www.urzeitenweg.ch\/wp\/wp-json\/wp\/v2\/pages\/260\/revisions\/340"}],"wp:attachment":[{"href":"https:\/\/www.urzeitenweg.ch\/wp\/wp-json\/wp\/v2\/media?parent=260"}],"curies":[{"name":"wp","href":"https:\/\/api.w.org\/{rel}","templated":true}]}}